{"id":246,"date":"2020-10-07T17:39:54","date_gmt":"2020-10-07T15:39:54","guid":{"rendered":"http:\/\/autoskola.mz-mee.eu\/subdom\/autoskola\/?page_id=246"},"modified":"2020-10-07T17:53:38","modified_gmt":"2020-10-07T15:53:38","slug":"zasady-ochrany-osobnich-udaju","status":"publish","type":"page","link":"http:\/\/autoskola.mz-mee.eu\/subdom\/autoskola\/zasady-ochrany-osobnich-udaju\/","title":{"rendered":"Z\u00e1sady ochrany osobn\u00edch \u00fadaj\u016f"},"content":{"rendered":"\t\t<div data-elementor-type=\"wp-page\" data-elementor-id=\"246\" class=\"elementor elementor-246\">\n\t\t\t\t\t\t<section class=\"elementor-section elementor-top-section elementor-element elementor-element-5e2ccaa9 elementor-section-boxed elementor-section-height-default elementor-section-height-default\" data-id=\"5e2ccaa9\" data-element_type=\"section\" data-settings=\"{&quot;background_background&quot;:&quot;classic&quot;}\">\n\t\t\t\t\t\t\t<div class=\"elementor-background-overlay\"><\/div>\n\t\t\t\t\t\t\t<div class=\"elementor-container elementor-column-gap-default\">\n\t\t\t\t\t<div class=\"elementor-column elementor-col-100 elementor-top-column elementor-element elementor-element-67842adc\" data-id=\"67842adc\" data-element_type=\"column\">\n\t\t\t<div class=\"elementor-widget-wrap elementor-element-populated\">\n\t\t\t\t\t\t<div class=\"elementor-element elementor-element-410e5669 elementor-widget elementor-widget-heading\" data-id=\"410e5669\" data-element_type=\"widget\" data-widget_type=\"heading.default\">\n\t\t\t\t<div class=\"elementor-widget-container\">\n\t\t\t<h2 class=\"elementor-heading-title elementor-size-large\">Z\u00e1sady ochrany osobn\u00edch \u00fadaj\u016f<\/h2>\t\t<\/div>\n\t\t\t\t<\/div>\n\t\t\t\t<div class=\"elementor-element elementor-element-74a523bb elementor-widget elementor-widget-text-editor\" data-id=\"74a523bb\" data-element_type=\"widget\" data-widget_type=\"text-editor.default\">\n\t\t\t\t<div class=\"elementor-widget-container\">\n\t\t\t\t\t\t\t\t\t\t\t\t\t<\/div>\n\t\t\t\t<\/div>\n\t\t\t\t\t<\/div>\n\t\t<\/div>\n\t\t\t\t\t<\/div>\n\t\t<\/section>\n\t\t\t\t<section class=\"elementor-section elementor-top-section elementor-element elementor-element-a7e0ecf elementor-section-content-middle elementor-reverse-mobile elementor-section-boxed elementor-section-height-default elementor-section-height-default\" data-id=\"a7e0ecf\" data-element_type=\"section\" data-settings=\"{&quot;background_background&quot;:&quot;classic&quot;}\">\n\t\t\t\t\t\t<div class=\"elementor-container elementor-column-gap-default\">\n\t\t\t\t\t<div class=\"elementor-column elementor-col-100 elementor-top-column elementor-element elementor-element-2819f6f\" data-id=\"2819f6f\" data-element_type=\"column\">\n\t\t\t<div class=\"elementor-widget-wrap elementor-element-populated\">\n\t\t\t\t\t\t<div class=\"elementor-element elementor-element-7e677e0 elementor-widget elementor-widget-text-editor\" data-id=\"7e677e0\" data-element_type=\"widget\" data-widget_type=\"text-editor.default\">\n\t\t\t\t<div class=\"elementor-widget-container\">\n\t\t\t\t\t\t\t<p><strong>Auto\u0161kola Jesenice se s\u00eddlem Bo\u010dn\u00ed 562<br \/>252 44 Doln\u00ed Jir\u010dany, I\u010c: <span class=\"aCOpRe\">27201023<\/span> (d\u00e1le jen \u201eAuto\u0161kola\u201c), jako\u017eto spr\u00e1vce osobn\u00edch \u00fadaj\u016f, si t\u00edmto dovoluje informovat klienty (d\u00e1le tak\u00e9 jen \u201esubjekt \u00fadaj\u016f\u201c) o zp\u016fsobu a rozsahu zpracov\u00e1n\u00ed osobn\u00edch \u00fadaj\u016f ze strany Auto\u0161koly, v\u010detn\u011b rozsahu pr\u00e1v subjekt\u016f \u00fadaj\u016f souvisej\u00edc\u00edch se zpracov\u00e1n\u00edm jejich osobn\u00edch \u00fadaj\u016f Auto\u0161kolou.<\/strong><\/p><p>Zpracov\u00e1n\u00ed osobn\u00edch \u00fadaj\u016f prob\u00edh\u00e1 v souladu Na\u0159\u00edzen\u00edm Evropsk\u00e9ho parlamentu a Rady (EU) 2016\/679 ze dne 27. dubna 2016 o ochran\u011b fyzick\u00fdch osob v souvislosti se zpracov\u00e1n\u00edm osobn\u00edch \u00fadaj\u016f a o voln\u00e9m pohybu t\u011bchto \u00fadaj\u016f a o zru\u0161en\u00ed sm\u011brnice 95\/46\/ES (obecn\u00e9 na\u0159\u00edzen\u00ed o ochran\u011b osobn\u00edch \u00fadaj\u016f; d\u00e1le jen \u201e<strong>GDPR<\/strong>\u201e) a d\u00e1le v souladu s relevantn\u00edmi vnitrost\u00e1tn\u00edmi pr\u00e1vn\u00edmi p\u0159edpisy v\u00a0oblasti ochrany osobn\u00edch \u00fadaj\u016f. Jako spr\u00e1vce osobn\u00edch \u00fadaj\u016f na z\u00e1klad\u011b zvl\u00e1\u0161tn\u00edho z\u00e1kona je p\u0159i zpracov\u00e1n\u00ed osobn\u00edch \u00fadaj\u016f Auto\u0161kola povinna db\u00e1t pr\u00e1va na ochranu soukrom\u00e9ho a osobn\u00edho \u017eivota subjektu \u00fadaj\u016f. Pr\u00e1vn\u00ed \u00faprava ochrany osobnosti \u010dlov\u011bka v\u010detn\u011b jeho p\u0159irozen\u00fdch pr\u00e1v je obsa\u017eena v \u00a7 81 a n\u00e1sleduj\u00edc\u00edch z\u00e1kona \u010d. 89\/2012 Sb., ob\u010dansk\u00fd z\u00e1kon\u00edk. Ochrany po\u017e\u00edvaj\u00ed zejm\u00e9na \u017eivot a d\u016fstojnost \u010dlov\u011bka, jeho zdrav\u00ed a pr\u00e1vo \u017e\u00edt v p\u0159\u00edzniv\u00e9m \u017eivotn\u00edm prost\u0159ed\u00ed, jeho v\u00e1\u017enost, \u010dest, soukrom\u00ed a jeho projevy osobn\u00ed povahy. \u010clov\u011bk, jeho\u017e osobnost byla dot\u010dena, m\u00e1 pr\u00e1vo dom\u00e1hat se toho, aby bylo od neopr\u00e1vn\u011bn\u00e9ho z\u00e1sahu upu\u0161t\u011bno nebo aby byl odstran\u011bn jeho n\u00e1sledek. Nikdo nesm\u00ed zas\u00e1hnout do soukrom\u00ed jin\u00e9ho, nem\u00e1-li k\u00a0tomu z\u00e1konn\u00fd d\u016fvod.\u00a0<\/p><p>Auto\u0161kola jako spr\u00e1vce osobn\u00edch \u00fadaj\u016f je opr\u00e1vn\u011bna zpracov\u00e1vat osobn\u00ed \u00fadaje v rozsahu stanoven\u00fdm z\u00e1konem bez souhlasu subjektu \u00fadaj\u016f. Zpracov\u00e1n\u00ed dal\u0161\u00edch osobn\u00edch \u00fadaj\u016f je mo\u017en\u00e9 pouze se souhlasem subjektu \u00fadaj\u016f. Osobn\u00ed \u00fadaje subjekt\u016f \u00fadaj\u016f jsou zpracov\u00e1v\u00e1ny osobami, kter\u00e9 p\u0159ich\u00e1zej\u00ed do styku s osobn\u00edmi \u00fadaji v r\u00e1mci pln\u011bn\u00ed sv\u00fdch pracovn\u00edch povinnost\u00ed a jsou v\u00e1z\u00e1ny ml\u010denlivost\u00ed.<\/p><p><strong><em>Jak\u00e9 osobn\u00ed \u00fadaje a za jak\u00fdm \u00fa\u010delem je Auto\u0161kola zpracov\u00e1v\u00e1?<\/em><\/strong><\/p><p>Auto\u0161kola zpracov\u00e1v\u00e1 na z\u00e1klad\u011b pr\u00e1vn\u00edch p\u0159edpis\u016f osobn\u00ed \u00fadaje nutn\u00e9 k identifikaci subjektu \u00fadaj\u016f a k\u00a0pln\u011bn\u00ed pr\u00e1vn\u00edch povinnost\u00ed stanoven\u00fdch pr\u00e1vn\u00edmi p\u0159edpisy v\u00a0r\u00e1mci oblast\u00ed spadaj\u00edc\u00edch do p\u016fsobnosti Auto\u0161koly.<\/p><p><strong>Jedn\u00e1 se o n\u00e1sleduj\u00edc\u00ed osobn\u00ed \u00fadaje<\/strong><strong>: (vypln\u011bn\u00e9 do \u017e\u00e1dosti o p\u0159ijet\u00ed k v\u00fduce a v\u00fdcviku)<\/strong><\/p><p>\u2013\u00a0\u00a0\u00a0\u00a0\u00a0\u00a0 jm\u00e9no a p\u0159\u00edjmen\u00ed,<\/p><p>\u2013\u00a0\u00a0\u00a0\u00a0\u00a0\u00a0 datum a m\u00edsto narozen\u00ed<\/p><p>\u2013\u00a0\u00a0\u00a0\u00a0\u00a0\u00a0 st\u00e1tn\u00ed ob\u010danstv\u00ed<\/p><p>\u2013\u00a0\u00a0\u00a0\u00a0\u00a0\u00a0 \u010d\u00edslo dokladu toto\u017enosti<\/p><p>\u2013\u00a0\u00a0\u00a0\u00a0\u00a0\u00a0 \u010d\u00edslo \u0159idi\u010dsk\u00e9ho pr\u016fkazu<\/p><p>\u2013\u00a0\u00a0\u00a0\u00a0\u00a0\u00a0 telefon<\/p><p>\u2013\u00a0\u00a0\u00a0\u00a0\u00a0\u00a0 email<\/p><p>\u2013\u00a0\u00a0\u00a0\u00a0\u00a0\u00a0 adresa bydli\u0161t\u011b<\/p><p>Osobn\u00ed \u00fadaje, kter\u00e9 poskytuje subjekt \u00fadaj\u016f dobrovoln\u011b za \u00fa\u010delem zjednodu\u0161en\u00ed a zefektivn\u011bn\u00ed komunikace s auto\u0161kolou, tj. zejm\u00e9na email a telefonn\u00ed \u010d\u00edslo, jsou zpracov\u00e1v\u00e1ny na z\u00e1klad\u011b titulu opr\u00e1vn\u011bn\u00e9ho z\u00e1jmu.<\/p><p><strong><em>Z\u00a0jak\u00fdch zdroj\u016f Auto\u0161kola osobn\u00ed \u00fadaje z\u00edsk\u00e1v\u00e1?<\/em><\/strong><\/p><p>Auto\u0161kola z\u00edsk\u00e1v\u00e1 osobn\u00ed \u00fadaje zejm\u00e9na od subjektu \u00fadaj\u016f z\u00a0\u017d\u00e1dosti o p\u0159ijet\u00ed k\u00a0v\u00fduce a v\u00fdcviku.<\/p><p><strong><em>Jak\u00fdm subjekt\u016fm\u00a0<\/em><\/strong><strong><em>Auto\u0161kola<\/em><\/strong><strong><em>\u00a0osobn\u00ed \u00fadaje poskytuje?<\/em><\/strong><\/p><p>Auto\u0161kola poskytuje osobn\u00ed \u00fadaje p\u0159\u00edslu\u0161n\u00e9mu obecn\u00edmu \u00fa\u0159adu obce s\u00a0roz\u0161\u00ed\u0159enou p\u016fsobnost\u00ed.\u00a0<\/p><p><strong><em>Jak\u00fdm zp\u016fsobem jsou osobn\u00ed data zabezpe\u010dena?<\/em><\/strong><\/p><p>Auto\u0161kola db\u00e1 na bezpe\u010dnost osobn\u00edch dat, kter\u00e9 n\u00e1m p\u0159ed\u00e1v\u00e1te. P\u0159ijali jsme vhodn\u00e1 technick\u00e1 a organiza\u010dn\u00ed opat\u0159en\u00ed, abychom Va\u0161e data dostate\u010dn\u011b chr\u00e1nili s\u00a0ohledem na z\u00e1va\u017enost jejich zpracov\u00e1n\u00ed. K\u00a0Va\u0161im osobn\u00edm \u00fadaj\u016fm, kter\u00e9 jsme od V\u00e1s z\u00edskali nem\u00e1 p\u0159\u00edstup \u017e\u00e1dn\u00e1 neopr\u00e1vn\u011bn\u00e1 osoba a nep\u0159ed\u00e1v\u00e1me je bez Va\u0161eho souhlasu dal\u0161\u00edm subjekt\u016fm pro dal\u0161\u00ed zpracov\u00e1n\u00ed, pokud to nevy\u017eaduje z\u00e1kon, nebo v\u00a0p\u0159\u00edpad\u011b ochrany na\u0161ich pr\u00e1vn\u00edch z\u00e1jm\u016f. \u00a0\u00a0<\/p><p><strong><em>Jak\u00e9 m\u00e1te pr\u00e1va?<\/em><\/strong><\/p><p>Va\u0161im pr\u00e1vem je po\u017e\u00e1dat Auto\u0161kolu o informace, jak\u00e9 osobn\u00ed \u00fadaje a v\u00a0jak\u00e9m rozsahu a pro jak\u00fd \u00fa\u010del jsou zpracov\u00e1v\u00e1ny. Tyto informace V\u00e1m poskytneme zdarma ve lh\u016ft\u011b nejpozd\u011bji 30 dn\u016f, v\u00a0mimo\u0159\u00e1dn\u00fdch situac\u00edch pak nejpozd\u011bji ve lh\u016ft\u011b 90 dn\u016f. O prodlou\u017een\u00ed lh\u016fty v\u00a0mimo\u0159\u00e1dn\u00fdch p\u0159\u00edpadech V\u00e1s budeme v\u010das informovat. Pokud budete po\u017eadovat sd\u011blen\u00ed informac\u00ed, kter\u00e9 o V\u00e1s evidujeme, budeme nejprve pot\u0159ebovat ov\u011b\u0159it, \u017ee jste skute\u010dn\u011b osoba, kter\u00e9 n\u00e1le\u017e\u00ed tato informace. Ve Va\u0161\u00ed \u017e\u00e1dosti tedy uve\u010fte dostate\u010dnou identifikaci Va\u0161\u00ed osoby. V\u00a0p\u0159\u00edpad\u011b pot\u0159eby m\u00e1me pr\u00e1vo vy\u017e\u00e1dat si dopl\u0148uj\u00edc\u00ed informace k\u00a0va\u0161\u00ed identifikaci, ne\u017e V\u00e1m poskytneme osobn\u00ed \u00fadaje, kter\u00e9 zpracov\u00e1v\u00e1me k\u00a0Va\u0161\u00ed osob\u011b.<\/p><p>Na\u0161\u00edm pr\u00e1vem pak je od\u016fvodn\u011bn\u011b zam\u00edtnout po\u017eadavky na informace, kter\u00e9 jsou bezd\u016fvodn\u00e9, \u010di se nep\u0159im\u011b\u0159en\u011b opakuj\u00ed, p\u0159\u00edpadn\u011b jejich z\u00edsk\u00e1n\u00ed vy\u017eaduje nep\u0159im\u011b\u0159en\u00e9 \u00fasil\u00ed, nebo by byly obt\u00ed\u017en\u011b z\u00edskateln\u00e9 (typicky ze z\u00e1lo\u017en\u00edch syst\u00e9m\u016f, archiv\u00e1li\u00ed apod.).\u00a0<\/p><p>Jeliko\u017e se mohou osobn\u00ed \u00fadaje v\u00a0pr\u016fb\u011bhu \u010dasu m\u011bnit (nap\u0159\u00edklad zm\u011bna p\u0159\u00edjmen\u00ed), budeme r\u00e1di, pokud n\u00e1s informujete, \u017ee u V\u00e1s nastala n\u011bjak\u00e1 zm\u011bna, tak abychom Va\u0161e osobn\u00ed \u00fadaje m\u011bli aktu\u00e1ln\u00ed a nedoch\u00e1zelo k\u00a0p\u0159\u00edpadn\u00fdm omyl\u016fm. Pod\u00e1n\u00ed informace o zm\u011bn\u011b \u00fadaj\u016f je nezbytn\u011b nutn\u00e9 pro to, abychom mohli \u0159\u00e1dn\u011b vykon\u00e1vat svoji \u010dinnost Spr\u00e1vce.<\/p><p>Pokud jste n\u00e1m n\u011bkdy ud\u011blili souhlas se zpracov\u00e1n\u00edm sv\u00fdch osobn\u00edch \u00fadaj\u016f (nap\u0159\u00edklad emailov\u00e1 adresa a telefonn\u00ed \u010d\u00edslo), m\u00e1te pr\u00e1vo jej kdykoli odvolat a my \u00fadaje, kter\u00e9 zpracov\u00e1v\u00e1me v\u00fdhradn\u011b na z\u00e1klad\u011b Va\u0161eho souhlasu m\u00e1me povinnost vymazat. Pr\u00e1vo na v\u00fdmaz se nevztahuje na zpracov\u00e1van\u00e9 \u00fadaje v\u00a0r\u00e1mci povinnosti pln\u011bn\u00ed z\u00e1konn\u00fdch d\u016fvod\u016f, \u010di opr\u00e1vn\u011bn\u00fdch z\u00e1jm\u016f. \u00a0\u00a0<\/p><p><strong><em>Kam se obr\u00e1tit, domn\u00edv\u00e1te-li se, \u017ee osobn\u00ed \u00fadaje\u00a0<\/em><\/strong><strong><em>Auto\u0161kola<\/em><\/strong><strong>\u00a0<em>ne<\/em><\/strong><strong><em>zpracov\u00e1v\u00e1 v\u00a0souladu s\u00a0platnou legislativou \u010cR a Unie?<\/em><\/strong><\/p><p>Pokud se domn\u00edv\u00e1te, \u017ee Va\u0161e osobn\u00ed \u00fadaje nezpracov\u00e1v\u00e1me v\u00a0souladu s\u00a0platnou legislativou \u010cR a Unie, m\u00e1te pr\u00e1vo vzn\u00e9st n\u00e1mitku a my n\u00e1sledn\u011b prov\u011b\u0159\u00edme opr\u00e1vn\u011bnost Va\u0161eho po\u017eadavku. V\u00a0okam\u017eiku pod\u00e1n\u00ed n\u00e1mitky, bude zpracov\u00e1n\u00ed va\u0161ich osobn\u00edch \u00fadaj\u016f omezeno dokud nebude ov\u011b\u0159eno, zda je n\u00e1mitka opr\u00e1vn\u011bn\u00e1. Informujeme V\u00e1s, \u017ee Va\u0161\u00edm pr\u00e1vem je obr\u00e1tit se tak\u00e9 s\u00a0n\u00e1mitkou proti zpracov\u00e1van\u00fdm osobn\u00edm \u00fadaj\u016fm, kter\u00e9 o V\u00e1s zpracov\u00e1v\u00e1me na p\u0159\u00edslu\u0161n\u00fd dozorov\u00fd \u00fa\u0159ad na Ochranu Osobn\u00edch \u00dadaj\u016f.<\/p><p>Se sv\u00fdmi dotazy na ochranu osobn\u00edch \u00fadaj\u016f se m\u016f\u017eete tak\u00e9 obracet na email\u00a0<a href=\"mailto:autoskola.jedlicka@email.cz\">autoskola.jedlicka@email.cz<\/a>\u00a0nebo na s\u00eddlo na\u0161\u00ed spole\u010dnosti:<\/p><p><strong><em>Auto\u0161kola Jesenice<br \/><\/em><\/strong><\/p><p><em>Bo\u010dn\u00ed 562<br \/>252 44 Doln\u00ed Jir\u010dany<\/em><\/p><p><em>Tel.: +420 603 263 063<br \/><\/em><\/p><p><strong><em>Jak\u00e9 soubory zpracov\u00e1v\u00e1me na webov\u00fdch str\u00e1nk\u00e1ch?<\/em><\/strong><\/p><p>Pokud p\u0159istoup\u00edte na na\u0161e webov\u00e9 str\u00e1nky a prohl\u00ed\u017e\u00edte si je, zpracov\u00e1v\u00e1me n\u00e1sleduj\u00edc\u00ed protokolov\u00e9 soubory a ukl\u00e1d\u00e1me je na na\u0161ich serverech. Mezi informace, kter\u00e9 ukl\u00e1d\u00e1me pat\u0159\u00ed:<\/p><ul><li>Va\u0161e IP Adresa<\/li><li>Otev\u00edran\u00e1 str\u00e1nka na\u0161eho webu<\/li><li>K\u00f3d odpov\u011bdi http<\/li><li>Identifikace Va\u0161eho prohl\u00ed\u017ee\u010de<\/li><\/ul><p>Tyto informace zpracov\u00e1v\u00e1me po dobu maxim\u00e1ln\u011b jednoho roku a pouze pro \u00fa\u010dely na\u0161\u00ed pr\u00e1vn\u00ed ochrany.<\/p><p>Kdy\u017e nav\u0161t\u00edv\u00edte na\u0161e webov\u00e9 str\u00e1nky, jste informov\u00e1ni, \u017ee vyu\u017e\u00edv\u00e1me technologie ke shroma\u017e\u010fov\u00e1n\u00ed a ukl\u00e1d\u00e1n\u00ed informac\u00ed pomoc\u00ed soubor\u016f cookie do Va\u0161eho za\u0159\u00edzen\u00ed. \u00a0Soubory cookie jsou mal\u00e9 textov\u00e9 soubory, kter\u00e9 nikam neodes\u00edl\u00e1me. Soubory cookie neshroma\u017e\u010fuj\u00ed \u017e\u00e1dn\u00e9 Va\u0161e osobn\u00ed \u00fadaje, bez t\u011bchto soubor\u016f v\u0161ak nedok\u00e1\u017eeme zajistit plnohodnotnou funk\u010dnost webov\u00fdch str\u00e1nek.\u00a0<\/p><p>V Praze, 1.8.2020<\/p>\t\t\t\t\t\t<\/div>\n\t\t\t\t<\/div>\n\t\t\t\t\t<\/div>\n\t\t<\/div>\n\t\t\t\t\t<\/div>\n\t\t<\/section>\n\t\t\t\t<\/div>\n\t\t","protected":false},"excerpt":{"rendered":"<p>Z\u00e1sady ochrany osobn\u00edch \u00fadaj\u016f Auto\u0161kola Jesenice se s\u00eddlem Bo\u010dn\u00ed 562252 44 Doln\u00ed Jir\u010dany, I\u010c: 27201023 (d\u00e1le jen \u201eAuto\u0161kola\u201c), jako\u017eto spr\u00e1vce osobn\u00edch \u00fadaj\u016f, si t\u00edmto dovoluje informovat klienty (d\u00e1le tak\u00e9 jen \u201esubjekt \u00fadaj\u016f\u201c) o zp\u016fsobu a rozsahu zpracov\u00e1n\u00ed osobn\u00edch \u00fadaj\u016f ze strany Auto\u0161koly, v\u010detn\u011b rozsahu pr\u00e1v subjekt\u016f \u00fadaj\u016f souvisej\u00edc\u00edch se zpracov\u00e1n\u00edm jejich osobn\u00edch \u00fadaj\u016f Auto\u0161kolou. Zpracov\u00e1n\u00ed [&hellip;]<\/p>\n","protected":false},"author":1,"featured_media":0,"parent":0,"menu_order":0,"comment_status":"closed","ping_status":"closed","template":"elementor_canvas","meta":{"footnotes":""},"_links":{"self":[{"href":"http:\/\/autoskola.mz-mee.eu\/subdom\/autoskola\/wp-json\/wp\/v2\/pages\/246"}],"collection":[{"href":"http:\/\/autoskola.mz-mee.eu\/subdom\/autoskola\/wp-json\/wp\/v2\/pages"}],"about":[{"href":"http:\/\/autoskola.mz-mee.eu\/subdom\/autoskola\/wp-json\/wp\/v2\/types\/page"}],"author":[{"embeddable":true,"href":"http:\/\/autoskola.mz-mee.eu\/subdom\/autoskola\/wp-json\/wp\/v2\/users\/1"}],"replies":[{"embeddable":true,"href":"http:\/\/autoskola.mz-mee.eu\/subdom\/autoskola\/wp-json\/wp\/v2\/comments?post=246"}],"version-history":[{"count":9,"href":"http:\/\/autoskola.mz-mee.eu\/subdom\/autoskola\/wp-json\/wp\/v2\/pages\/246\/revisions"}],"predecessor-version":[{"id":263,"href":"http:\/\/autoskola.mz-mee.eu\/subdom\/autoskola\/wp-json\/wp\/v2\/pages\/246\/revisions\/263"}],"wp:attachment":[{"href":"http:\/\/autoskola.mz-mee.eu\/subdom\/autoskola\/wp-json\/wp\/v2\/media?parent=246"}],"curies":[{"name":"wp","href":"https:\/\/api.w.org\/{rel}","templated":true}]}}